{"id":1391,"date":"2023-09-26T12:02:12","date_gmt":"2023-09-26T12:02:12","guid":{"rendered":"https:\/\/corefm.be\/politique-en-matiere-de-cookies\/"},"modified":"2023-10-12T12:23:01","modified_gmt":"2023-10-12T12:23:01","slug":"politique-en-matiere-de-cookies","status":"publish","type":"page","link":"https:\/\/corefm.be\/fr\/politique-en-matiere-de-cookies\/","title":{"rendered":"Politique en mati\u00e8re de cookies"},"content":{"rendered":"\t\t<div data-elementor-type=\"wp-page\" data-elementor-id=\"1391\" class=\"elementor elementor-1391 elementor-642\" data-elementor-post-type=\"page\">\n\t\t\t\t<div class=\"elementor-element elementor-element-7e1f688 e-flex e-con-boxed e-con e-parent\" data-id=\"7e1f688\" data-element_type=\"container\" data-e-type=\"container\">\n\t\t\t\t\t<div class=\"e-con-inner\">\n\t\t<div data-dce-background-image-url=\"https:\/\/corefm.be\/wp-content\/uploads\/2023\/08\/background.jpg\" class=\"elementor-element elementor-element-23c5355 e-con-full e-flex e-con e-parent\" data-id=\"23c5355\" data-element_type=\"container\" data-e-type=\"container\" data-settings=\"{&quot;background_background&quot;:&quot;classic&quot;,&quot;shape_divider_top&quot;:&quot;triangle&quot;}\">\n\t\t\t\t<div class=\"elementor-shape elementor-shape-top\" aria-hidden=\"true\" data-negative=\"false\">\n\t\t\t<svg xmlns=\"http:\/\/www.w3.org\/2000\/svg\" viewBox=\"0 0 1000 100\" preserveAspectRatio=\"none\">\n\t<path class=\"elementor-shape-fill\" d=\"M500,98.9L0,6.1V0h1000v6.1L500,98.9z\"\/>\n<\/svg>\t\t<\/div>\n\t\t\t\t<div class=\"elementor-element elementor-element-ee83e66 elementor-widget elementor-widget-heading\" data-id=\"ee83e66\" data-element_type=\"widget\" data-e-type=\"widget\" data-widget_type=\"heading.default\">\n\t\t\t\t<div class=\"elementor-widget-container\">\n\t\t\t\t\t<h2 class=\"elementor-heading-title elementor-size-default\">Politique en mati\u00e8re de cookies<\/h2>\t\t\t\t<\/div>\n\t\t\t\t<\/div>\n\t\t\t\t<\/div>\n\t\t\t\t\t<\/div>\n\t\t\t\t<\/div>\n\t\t<div class=\"elementor-element elementor-element-fff31c8 e-flex e-con-boxed e-con e-parent\" data-id=\"fff31c8\" data-element_type=\"container\" data-e-type=\"container\">\n\t\t\t\t\t<div class=\"e-con-inner\">\n\t\t\t\t<div class=\"elementor-element elementor-element-bb12dc2 elementor-widget elementor-widget-heading\" data-id=\"bb12dc2\" data-element_type=\"widget\" data-e-type=\"widget\" data-widget_type=\"heading.default\">\n\t\t\t\t<div class=\"elementor-widget-container\">\n\t\t\t\t\t<h2 class=\"elementor-heading-title elementor-size-default\">Politique en mati\u00e8re de cookies de Core Fm<\/h2>\t\t\t\t<\/div>\n\t\t\t\t<\/div>\n\t\t\t\t<div class=\"elementor-element elementor-element-0a33022 elementor-widget elementor-widget-text-editor\" data-id=\"0a33022\" data-element_type=\"widget\" data-e-type=\"widget\" data-widget_type=\"text-editor.default\">\n\t\t\t\t<div class=\"elementor-widget-container\">\n\t\t\t\t\t\t\t\t\t<p>Core Fm bv, dont le si\u00e8ge social est situ\u00e9 Achiel Cleynhenslaan 168, 3140 Keerbergen, est responsable de cette politique en mati\u00e8re de cookies. Pour des informations et des questions g\u00e9n\u00e9rales sur la mani\u00e8re dont Core Fm traite vos donn\u00e9es, vous pouvez toujours contacter le responsable de la protection des donn\u00e9es de Core Fm \u00e0 l&rsquo;adresse hello@corefm.be . Vous pouvez \u00e9galement toujours y adresser des commentaires et des suggestions, et exercer les droits qui vous sont accord\u00e9s par la r\u00e9glementation.<\/p>\n<p>Dans cette politique en mati\u00e8re de cookies, Core FM souhaite vous informer des cookies utilis\u00e9s et de la raison pour laquelle ils le sont. Elle explique en outre dans quelle mesure vous pouvez, en tant qu&rsquo;utilisateur, contr\u00f4ler leur utilisation. Core FM souhaite en effet garantir votre vie priv\u00e9e et la convivialit\u00e9 de son site web dans la mesure du possible.<\/p>\n<p>Cette politique en mati\u00e8re de cookies s&rsquo;applique au site web www.corefm.be<\/p>\n<p>Core FM peut modifier la politique en mati\u00e8re de cookies \u00e0 tout moment. Cela peut se produire, par exemple, dans le cadre de modifications des services ou de la l\u00e9gislation applicable. La politique modifi\u00e9e sera alors annonc\u00e9e sur notre site web et s&rsquo;appliquera \u00e0 partir du moment o\u00f9 elle sera annonc\u00e9e.<\/p>\n\t\t\t\t\t\t\t\t<\/div>\n\t\t\t\t<\/div>\n\t\t\t\t<div class=\"elementor-element elementor-element-02979f2 elementor-widget elementor-widget-heading\" data-id=\"02979f2\" data-element_type=\"widget\" data-e-type=\"widget\" data-widget_type=\"heading.default\">\n\t\t\t\t<div class=\"elementor-widget-container\">\n\t\t\t\t\t<h2 class=\"elementor-heading-title elementor-size-default\">Qu'est-ce qu'un cookie?<\/h2>\t\t\t\t<\/div>\n\t\t\t\t<\/div>\n\t\t\t\t<div class=\"elementor-element elementor-element-36467de elementor-widget elementor-widget-text-editor\" data-id=\"36467de\" data-element_type=\"widget\" data-e-type=\"widget\" data-widget_type=\"text-editor.default\">\n\t\t\t\t<div class=\"elementor-widget-container\">\n\t\t\t\t\t\t\t\t\t<p>Les cookies sont de petits fichiers de donn\u00e9es ou de texte qui sont install\u00e9s sur votre ordinateur ou votre appareil mobile lorsque vous visitez un site web ou utilisez une application (mobile). Le fichier cookie contient un code unique qui permet de reconna\u00eetre votre navigateur lorsque vous visitez le service en ligne ou lors de visites successives et r\u00e9p\u00e9t\u00e9es. Les cookies peuvent \u00eatre install\u00e9s par le serveur du site web ou de l&rsquo;application que vous visitez, mais aussi par des serveurs tiers qui peuvent ou non coop\u00e9rer avec ce site web ou cette application.<\/p>\n<p>Les cookies facilitent et acc\u00e9l\u00e8rent g\u00e9n\u00e9ralement l&rsquo;interaction entre le visiteur et le site web ou l&rsquo;application, et aident le visiteur \u00e0 naviguer entre les diff\u00e9rentes parties d&rsquo;un site web ou d&rsquo;une application.<\/p>\n\t\t\t\t\t\t\t\t<\/div>\n\t\t\t\t<\/div>\n\t\t\t\t<div class=\"elementor-element elementor-element-82f7a84 elementor-widget elementor-widget-heading\" data-id=\"82f7a84\" data-element_type=\"widget\" data-e-type=\"widget\" data-widget_type=\"heading.default\">\n\t\t\t\t<div class=\"elementor-widget-container\">\n\t\t\t\t\t<h2 class=\"elementor-heading-title elementor-size-default\">Comment puis-je refuser ou g\u00e9rer l'utilisation de cookies sur notre site web ? <\/h2>\t\t\t\t<\/div>\n\t\t\t\t<\/div>\n\t\t\t\t<div class=\"elementor-element elementor-element-20f3c27 elementor-widget elementor-widget-text-editor\" data-id=\"20f3c27\" data-element_type=\"widget\" data-e-type=\"widget\" data-widget_type=\"text-editor.default\">\n\t\t\t\t<div class=\"elementor-widget-container\">\n\t\t\t\t\t\t\t\t\t<p>Vous pouvez refuser l&rsquo;installation de cookies via les param\u00e8tres de votre navigateur. Vous pouvez \u00e9galement supprimer \u00e0 tout moment les cookies d\u00e9j\u00e0 install\u00e9s sur votre ordinateur ou votre appareil mobile. Vous trouverez des instructions \u00e0 ce sujet sur le site web du navigateur que vous utilisez.<\/p>\n<p>Si vous d\u00e9sactivez les cookies, il se peut que certains graphiques ne soient pas agr\u00e9ables \u00e0 regarder ou que vous ne puissiez pas utiliser certaines applications. Vous trouverez ci-dessous une liste d\u00e9taill\u00e9e de tous les cookies utilis\u00e9s par www.corefm.be.<\/p>\n\t\t\t\t\t\t\t\t<\/div>\n\t\t\t\t<\/div>\n\t\t\t\t<div class=\"elementor-element elementor-element-ebe7512 elementor-widget elementor-widget-heading\" data-id=\"ebe7512\" data-element_type=\"widget\" data-e-type=\"widget\" data-widget_type=\"heading.default\">\n\t\t\t\t<div class=\"elementor-widget-container\">\n\t\t\t\t\t<h2 class=\"elementor-heading-title elementor-size-default\">Les cookies utilis\u00e9s<\/h2>\t\t\t\t<\/div>\n\t\t\t\t<\/div>\n\t\t\t\t<div class=\"elementor-element elementor-element-83bfae5 elementor-widget elementor-widget-text-editor\" data-id=\"83bfae5\" data-element_type=\"widget\" data-e-type=\"widget\" data-widget_type=\"text-editor.default\">\n\t\t\t\t<div class=\"elementor-widget-container\">\n\t\t\t\t\t\t\t\t\t<p>Les cookies accept\u00e9s sont conserv\u00e9s pendant 8 jours calendaires.<\/p>\n\t\t\t\t\t\t\t\t<\/div>\n\t\t\t\t<\/div>\n\t\t\t\t\t<\/div>\n\t\t\t\t<\/div>\n\t\t\t\t<\/div>\n\t\t","protected":false},"excerpt":{"rendered":"<p>Politique en mati\u00e8re de cookies Politique en mati\u00e8re de cookies de Core Fm Core Fm bv, dont le si\u00e8ge social est situ\u00e9 Achiel Cleynhenslaan 168, 3140 Keerbergen, est responsable de cette politique en mati\u00e8re de cookies. Pour des informations et des questions g\u00e9n\u00e9rales sur la mani\u00e8re dont Core Fm traite vos donn\u00e9es, vous pouvez toujours [&hellip;]<\/p>\n","protected":false},"author":2,"featured_media":0,"parent":0,"menu_order":0,"comment_status":"closed","ping_status":"closed","template":"","meta":{"_acf_changed":false,"inline_featured_image":false,"footnotes":""},"class_list":["post-1391","page","type-page","status-publish","hentry"],"acf":[],"yoast_head":"<!-- This site is optimized with the Yoast SEO plugin v27.5 - https:\/\/yoast.com\/product\/yoast-seo-wordpress\/ -->\n<title>Politique en mati\u00e8re de cookies - Core Fm<\/title>\n<meta name=\"description\" content=\"Pour garantir le respect de votre vie priv\u00e9e et la convivialit\u00e9 de notre site web, Core Fm souhaite vous informer sur les cookies utilis\u00e9s.\" \/>\n<meta name=\"robots\" content=\"index, follow, max-snippet:-1, max-image-preview:large, max-video-preview:-1\" \/>\n<link rel=\"canonical\" href=\"https:\/\/corefm.be\/fr\/politique-en-matiere-de-cookies\/\" \/>\n<meta property=\"og:locale\" content=\"fr_FR\" \/>\n<meta property=\"og:type\" content=\"article\" \/>\n<meta property=\"og:title\" content=\"Politique en mati\u00e8re de cookies - Core Fm\" \/>\n<meta property=\"og:description\" content=\"Pour garantir le respect de votre vie priv\u00e9e et la convivialit\u00e9 de notre site web, Core Fm souhaite vous informer sur les cookies utilis\u00e9s.\" \/>\n<meta property=\"og:url\" content=\"https:\/\/corefm.be\/fr\/politique-en-matiere-de-cookies\/\" \/>\n<meta property=\"og:site_name\" content=\"Core FM\" \/>\n<meta property=\"article:modified_time\" content=\"2023-10-12T12:23:01+00:00\" \/>\n<meta property=\"og:image\" content=\"https:\/\/corefm.be\/wp-content\/uploads\/2023\/10\/Meta-image-1024x538.png\" \/>\n<meta name=\"twitter:card\" content=\"summary_large_image\" \/>\n<meta name=\"twitter:title\" content=\"Politique en mati\u00e8re de cookies - Core Fm\" \/>\n<meta name=\"twitter:description\" content=\"Pour garantir le respect de votre vie priv\u00e9e et la convivialit\u00e9 de notre site web, Core Fm souhaite vous informer sur les cookies utilis\u00e9s.\" \/>\n<meta name=\"twitter:image\" content=\"https:\/\/corefm.be\/wp-content\/uploads\/2023\/08\/logo-corefm.png\" \/>\n<meta name=\"twitter:label1\" content=\"Dur\u00e9e de lecture estim\u00e9e\" \/>\n\t<meta name=\"twitter:data1\" content=\"2 minutes\" \/>\n<script type=\"application\/ld+json\" class=\"yoast-schema-graph\">{\"@context\":\"https:\\\/\\\/schema.org\",\"@graph\":[{\"@type\":\"WebPage\",\"@id\":\"https:\\\/\\\/corefm.be\\\/fr\\\/politique-en-matiere-de-cookies\\\/\",\"url\":\"https:\\\/\\\/corefm.be\\\/fr\\\/politique-en-matiere-de-cookies\\\/\",\"name\":\"Politique en mati\u00e8re de cookies - Core Fm\",\"isPartOf\":{\"@id\":\"https:\\\/\\\/corefm.be\\\/fr\\\/#website\"},\"datePublished\":\"2023-09-26T12:02:12+00:00\",\"dateModified\":\"2023-10-12T12:23:01+00:00\",\"description\":\"Pour garantir le respect de votre vie priv\u00e9e et la convivialit\u00e9 de notre site web, Core Fm souhaite vous informer sur les cookies utilis\u00e9s.\",\"breadcrumb\":{\"@id\":\"https:\\\/\\\/corefm.be\\\/fr\\\/politique-en-matiere-de-cookies\\\/#breadcrumb\"},\"inLanguage\":\"fr-FR\",\"potentialAction\":[{\"@type\":\"ReadAction\",\"target\":[\"https:\\\/\\\/corefm.be\\\/fr\\\/politique-en-matiere-de-cookies\\\/\"]}]},{\"@type\":\"BreadcrumbList\",\"@id\":\"https:\\\/\\\/corefm.be\\\/fr\\\/politique-en-matiere-de-cookies\\\/#breadcrumb\",\"itemListElement\":[{\"@type\":\"ListItem\",\"position\":1,\"name\":\"Home\",\"item\":\"https:\\\/\\\/corefm.be\\\/fr\\\/domicile\\\/\"},{\"@type\":\"ListItem\",\"position\":2,\"name\":\"Politique en mati\u00e8re de cookies\"}]},{\"@type\":\"WebSite\",\"@id\":\"https:\\\/\\\/corefm.be\\\/fr\\\/#website\",\"url\":\"https:\\\/\\\/corefm.be\\\/fr\\\/\",\"name\":\"Core FM\",\"description\":\"Maak je gebouw energetisch future-proof\\\/ klaar voor de toekomst met Core FM\",\"publisher\":{\"@id\":\"https:\\\/\\\/corefm.be\\\/fr\\\/#organization\"},\"potentialAction\":[{\"@type\":\"SearchAction\",\"target\":{\"@type\":\"EntryPoint\",\"urlTemplate\":\"https:\\\/\\\/corefm.be\\\/fr\\\/?s={search_term_string}\"},\"query-input\":{\"@type\":\"PropertyValueSpecification\",\"valueRequired\":true,\"valueName\":\"search_term_string\"}}],\"inLanguage\":\"fr-FR\"},{\"@type\":\"Organization\",\"@id\":\"https:\\\/\\\/corefm.be\\\/fr\\\/#organization\",\"name\":\"Core FM\",\"url\":\"https:\\\/\\\/corefm.be\\\/fr\\\/\",\"logo\":{\"@type\":\"ImageObject\",\"inLanguage\":\"fr-FR\",\"@id\":\"https:\\\/\\\/corefm.be\\\/fr\\\/#\\\/schema\\\/logo\\\/image\\\/\",\"url\":\"https:\\\/\\\/corefm.be\\\/wp-content\\\/uploads\\\/2023\\\/08\\\/logo-corefm.png\",\"contentUrl\":\"https:\\\/\\\/corefm.be\\\/wp-content\\\/uploads\\\/2023\\\/08\\\/logo-corefm.png\",\"width\":1026,\"height\":278,\"caption\":\"Core FM\"},\"image\":{\"@id\":\"https:\\\/\\\/corefm.be\\\/fr\\\/#\\\/schema\\\/logo\\\/image\\\/\"}}]}<\/script>\n<!-- \/ Yoast SEO plugin. -->","yoast_head_json":{"title":"Politique en mati\u00e8re de cookies - Core Fm","description":"Pour garantir le respect de votre vie priv\u00e9e et la convivialit\u00e9 de notre site web, Core Fm souhaite vous informer sur les cookies utilis\u00e9s.","robots":{"index":"index","follow":"follow","max-snippet":"max-snippet:-1","max-image-preview":"max-image-preview:large","max-video-preview":"max-video-preview:-1"},"canonical":"https:\/\/corefm.be\/fr\/politique-en-matiere-de-cookies\/","og_locale":"fr_FR","og_type":"article","og_title":"Politique en mati\u00e8re de cookies - Core Fm","og_description":"Pour garantir le respect de votre vie priv\u00e9e et la convivialit\u00e9 de notre site web, Core Fm souhaite vous informer sur les cookies utilis\u00e9s.","og_url":"https:\/\/corefm.be\/fr\/politique-en-matiere-de-cookies\/","og_site_name":"Core FM","article_modified_time":"2023-10-12T12:23:01+00:00","og_image":[{"url":"https:\/\/corefm.be\/wp-content\/uploads\/2023\/10\/Meta-image-1024x538.png","type":"","width":"","height":""}],"twitter_card":"summary_large_image","twitter_title":"Politique en mati\u00e8re de cookies - Core Fm","twitter_description":"Pour garantir le respect de votre vie priv\u00e9e et la convivialit\u00e9 de notre site web, Core Fm souhaite vous informer sur les cookies utilis\u00e9s.","twitter_image":"https:\/\/corefm.be\/wp-content\/uploads\/2023\/08\/logo-corefm.png","twitter_misc":{"Dur\u00e9e de lecture estim\u00e9e":"2 minutes"},"schema":{"@context":"https:\/\/schema.org","@graph":[{"@type":"WebPage","@id":"https:\/\/corefm.be\/fr\/politique-en-matiere-de-cookies\/","url":"https:\/\/corefm.be\/fr\/politique-en-matiere-de-cookies\/","name":"Politique en mati\u00e8re de cookies - Core Fm","isPartOf":{"@id":"https:\/\/corefm.be\/fr\/#website"},"datePublished":"2023-09-26T12:02:12+00:00","dateModified":"2023-10-12T12:23:01+00:00","description":"Pour garantir le respect de votre vie priv\u00e9e et la convivialit\u00e9 de notre site web, Core Fm souhaite vous informer sur les cookies utilis\u00e9s.","breadcrumb":{"@id":"https:\/\/corefm.be\/fr\/politique-en-matiere-de-cookies\/#breadcrumb"},"inLanguage":"fr-FR","potentialAction":[{"@type":"ReadAction","target":["https:\/\/corefm.be\/fr\/politique-en-matiere-de-cookies\/"]}]},{"@type":"BreadcrumbList","@id":"https:\/\/corefm.be\/fr\/politique-en-matiere-de-cookies\/#breadcrumb","itemListElement":[{"@type":"ListItem","position":1,"name":"Home","item":"https:\/\/corefm.be\/fr\/domicile\/"},{"@type":"ListItem","position":2,"name":"Politique en mati\u00e8re de cookies"}]},{"@type":"WebSite","@id":"https:\/\/corefm.be\/fr\/#website","url":"https:\/\/corefm.be\/fr\/","name":"Core FM","description":"Maak je gebouw energetisch future-proof\/ klaar voor de toekomst met Core FM","publisher":{"@id":"https:\/\/corefm.be\/fr\/#organization"},"potentialAction":[{"@type":"SearchAction","target":{"@type":"EntryPoint","urlTemplate":"https:\/\/corefm.be\/fr\/?s={search_term_string}"},"query-input":{"@type":"PropertyValueSpecification","valueRequired":true,"valueName":"search_term_string"}}],"inLanguage":"fr-FR"},{"@type":"Organization","@id":"https:\/\/corefm.be\/fr\/#organization","name":"Core FM","url":"https:\/\/corefm.be\/fr\/","logo":{"@type":"ImageObject","inLanguage":"fr-FR","@id":"https:\/\/corefm.be\/fr\/#\/schema\/logo\/image\/","url":"https:\/\/corefm.be\/wp-content\/uploads\/2023\/08\/logo-corefm.png","contentUrl":"https:\/\/corefm.be\/wp-content\/uploads\/2023\/08\/logo-corefm.png","width":1026,"height":278,"caption":"Core FM"},"image":{"@id":"https:\/\/corefm.be\/fr\/#\/schema\/logo\/image\/"}}]}},"_links":{"self":[{"href":"https:\/\/corefm.be\/fr\/wp-json\/wp\/v2\/pages\/1391","targetHints":{"allow":["GET"]}}],"collection":[{"href":"https:\/\/corefm.be\/fr\/wp-json\/wp\/v2\/pages"}],"about":[{"href":"https:\/\/corefm.be\/fr\/wp-json\/wp\/v2\/types\/page"}],"author":[{"embeddable":true,"href":"https:\/\/corefm.be\/fr\/wp-json\/wp\/v2\/users\/2"}],"replies":[{"embeddable":true,"href":"https:\/\/corefm.be\/fr\/wp-json\/wp\/v2\/comments?post=1391"}],"version-history":[{"count":1,"href":"https:\/\/corefm.be\/fr\/wp-json\/wp\/v2\/pages\/1391\/revisions"}],"predecessor-version":[{"id":1392,"href":"https:\/\/corefm.be\/fr\/wp-json\/wp\/v2\/pages\/1391\/revisions\/1392"}],"wp:attachment":[{"href":"https:\/\/corefm.be\/fr\/wp-json\/wp\/v2\/media?parent=1391"}],"curies":[{"name":"wp","href":"https:\/\/api.w.org\/{rel}","templated":true}]}}